{"id":19,"date":"2015-11-20T22:14:25","date_gmt":"2015-11-20T22:14:25","guid":{"rendered":"http:\/\/carpintariabarros.pt\/?page_id=19"},"modified":"2024-10-03T17:14:53","modified_gmt":"2024-10-03T17:14:53","slug":"obras-executadas","status":"publish","type":"page","link":"http:\/\/carpintariabarros.pt\/index.php\/obras-executadas\/","title":{"rendered":"Obras Executadas"},"content":{"rendered":"<ul>\n<li>&#8220;Incerteza Viva&#8221;: 32\u00aa Bienal de S\u00e3o Paulo | Serralves<\/li>\n<li>Museu do Vinho de S\u00e3o Jo\u00e3o da Pesqueira: Loja Interactiva de Turismo e interiores do edificado.<\/li>\n<li>Bolh\u00e3o \u2013 Porto<\/li>\n<li>Instituto do Vinho do Porto \u2013 Wine Bar \u2013 Vila Nova de Gaia<\/li>\n<li>Reitoria da Universidade do Porto \u2013 Servi\u00e7os Rela\u00e7\u00f5es Internacionais \u2013 Porto<\/li>\n<li>Pal\u00e1cio do Comercio \u2013 Porto<\/li>\n<li>Remodela\u00e7\u00e3o de Interiores na Rua das Flores \u2013 Porto<\/li>\n<li>Carristur \u2013 Lisboa<\/li>\n<li>Igreja da Serra do Pilar \u2013 Reabilita\u00e7\u00e3o das Coberturas da Capela Mor e Ret\u00e1bulo<\/li>\n<li>Creche Vila do Conde<\/li>\n<li>Extens\u00e3o de Sa\u00fade de F\u00e3o<\/li>\n<li>Parque de Lazer de Lordelo \u2013 Paredes<\/li>\n<li>Parque de Paredes<\/li>\n<li>Requalifica\u00e7\u00e3o do Antigo Edif\u00edcio do Pa\u00e7o Episcopal \u2013 CMP<\/li>\n<li>Constru\u00e7\u00e3o N\u00facleo Museol\u00f3gico do Vinho<\/li>\n<li>Execu\u00e7\u00e3o da Escola Basica 1\u00ba Ciclo e Jardim de Inf\u00e2ncia do Porto Covo<\/li>\n<li>Reabilita\u00e7\u00e3o e Amplia\u00e7\u00e3o do Albergue Dna. Margarida Sousa Dias \u2013 Porto<\/li>\n<li>Passadi\u00e7os de Gondomar<\/li>\n<li>Moradias Uni familiares:<br \/>\nCasa Paroquial Valpedre \u2013 Penafiel<br \/>\nMoradia Quinta do Lago \u2013 Algarve<br \/>\nApartamentos na Foz- Porto<\/li>\n<li>Espa\u00e7o do Cidad\u00e3o &#8211; Duas Igrejas, Penafiel.<\/li>\n<\/ul>\n","protected":false},"excerpt":{"rendered":"<p>&#8220;Incerteza Viva&#8221;: 32\u00aa Bienal de S\u00e3o Paulo | Serralves Museu do Vinho de S\u00e3o Jo\u00e3o da Pesqueira: Loja Interactiva de Turismo e interiores do edificado. Bolh\u00e3o \u2013 Porto Instituto do Vinho do Porto \u2013 Wine Bar \u2013 Vila Nova de Gaia Reitoria da Universidade do Porto \u2013 Servi\u00e7os Rela\u00e7\u00f5es Internacionais \u2013 Porto Pal\u00e1cio do Comercio [&hellip;]<\/p>\n","protected":false},"author":1,"featured_media":0,"parent":0,"menu_order":0,"comment_status":"closed","ping_status":"closed","template":"","meta":[],"_links":{"self":[{"href":"http:\/\/carpintariabarros.pt\/index.php\/wp-json\/wp\/v2\/pages\/19"}],"collection":[{"href":"http:\/\/carpintariabarros.pt\/index.php\/wp-json\/wp\/v2\/pages"}],"about":[{"href":"http:\/\/carpintariabarros.pt\/index.php\/wp-json\/wp\/v2\/types\/page"}],"author":[{"embeddable":true,"href":"http:\/\/carpintariabarros.pt\/index.php\/wp-json\/wp\/v2\/users\/1"}],"replies":[{"embeddable":true,"href":"http:\/\/carpintariabarros.pt\/index.php\/wp-json\/wp\/v2\/comments?post=19"}],"version-history":[{"count":10,"href":"http:\/\/carpintariabarros.pt\/index.php\/wp-json\/wp\/v2\/pages\/19\/revisions"}],"predecessor-version":[{"id":116,"href":"http:\/\/carpintariabarros.pt\/index.php\/wp-json\/wp\/v2\/pages\/19\/revisions\/116"}],"wp:attachment":[{"href":"http:\/\/carpintariabarros.pt\/index.php\/wp-json\/wp\/v2\/media?parent=19"}],"curies":[{"name":"wp","href":"https:\/\/api.w.org\/{rel}","templated":true}]}}